{"id":111031,"date":"2023-09-29T15:48:06","date_gmt":"2023-09-29T13:48:06","guid":{"rendered":"https:\/\/prod.tubesca-comabi.com\/thierry-dufour-kommt-als-generaldirektor-zur-frenehard-michaux-gruppe\/"},"modified":"2023-10-03T14:04:18","modified_gmt":"2023-10-03T12:04:18","slug":"thierry-dufour-kommt-als-generaldirektor-zur-frenehard-michaux-gruppe","status":"publish","type":"page","link":"https:\/\/prod.tubesca-comabi.com\/de\/thierry-dufour-kommt-als-generaldirektor-zur-frenehard-michaux-gruppe\/","title":{"rendered":"Thierry DUFOUR kommt als Generaldirektor zur Fr\u00e9n\u00e9hard &amp; Michaux Gruppe"},"content":{"rendered":"\n<figure class=\"wp-block-image aligncenter size-full\"><a href=\"http:\/\/prod.tubesca-comabi.com\/wp-content\/uploads\/sites\/3\/2023\/09\/1693400926248.jpg\"><img loading=\"lazy\" decoding=\"async\" width=\"388\" height=\"280\" src=\"http:\/\/prod.tubesca-comabi.com\/wp-content\/uploads\/sites\/3\/2023\/09\/1693400926248.jpg\" alt=\"\" class=\"wp-image-110987\" srcset=\"https:\/\/prod.tubesca-comabi.com\/wp-content\/uploads\/sites\/3\/2023\/09\/1693400926248.jpg 388w, https:\/\/prod.tubesca-comabi.com\/wp-content\/uploads\/sites\/3\/2023\/09\/1693400926248-300x216.jpg 300w\" sizes=\"auto, (max-width: 388px) 100vw, 388px\" \/><\/a><\/figure>\n\n<p><strong>Die Fr\u00e9n\u00e9hard &amp; Michaux Gruppe, Marktf\u00fchrer beim Schutz von Arbeiten in der H\u00f6he, bei der Befestigung von Bedachungen und Regenrinnen, ist stolz darauf, die Ernennung von Thierry Dufour zum Generaldirektor der Unternehmensgruppe bekanntgeben zu d\u00fcrfen. Diese Ernennung tritt ab dem 7. September 2023 in Kraft.<\/strong><\/p>\n\n<p>Nachdem er sein Ingenieurstudium abgeschlossen und durch ein MBA in einer Management-Schule erg\u00e4nzt hatte, startete Thierry Dufour seine Karriere bei Ernst &amp; Young; danach ging er in die Vertriebsabteilung Bauwirtschaft (Division Distribution B\u00e2timent) bei St Gobain, wo er zwischen 2005 und 2019 die Stelle als Finanzvorstand bei verschiedenen Einheiten der Point P Gruppe innehatte. Er hat auch mehrere externe Wachstumsgesch\u00e4fte durchgef\u00fchrt, insbesondere auf internationaler Ebene, und hat Jewson geleitet, die britische Filiale von St Gobain Distribution B\u00e2timent. 2019 ist er als Verantwortlicher einer Business Unit zur Alliance Automotive Gruppe gekommen.<\/p>\n\n<p>Dank seiner Erfahrung insbesondere bei Saint Gobain kennt Thierry Dufour das Marktumfeld gut, auf dem Fr\u00e9n\u00e9hard &amp; Michaux t\u00e4tig ist. Seine erfolgreiche Erfahrung auf internationaler Ebene stellt f\u00fcr die Gruppe einen wertvollen Vorteil dar.<\/p>\n\n<p>Als Generaldirektor ist Thierry DUFOUR die rechte Hand von Bernard Rothan, dem Pr\u00e4sidenten von Fr\u00e9n\u00e9hard &amp; Michaux. Er \u00fcbernimmt ab Januar 2024 die Leitung der Firmen TUBESCA-COMABI, ARTUB, TENDO, FMS RINGUE und MAE. <strong><\/strong><\/p>\n\n<p>Thierry Dufour hat selbst seine Freude bei der Vorstellung ge\u00e4u\u00dfert, in die Fr\u00e9n\u00e9hard &amp; Michaux Gruppe einzutreten:<\/p>\n\n<p><em>\u201eIch bin sehr gl\u00fccklich, dass ich zur Fr\u00e9n\u00e9hard &amp; Michaux Gruppe sto\u00dfen durfte, ein Unternehmen mit einer einzigartigen Positionierung rund um den Gedanken \u201eVertrauen in der H\u00f6he\u201d. Dank \u00e4u\u00dferst einsatzfreudigen Teams, einem innovativen Produktangebot und einer stark kundenorientierten Kultur besitzt die Gruppe heute solide Trumpfkarten, um ihre Stellungen zu konsolidieren und ihren Ausbau fortzusetzen. So liegt mir viel daran, meine ganze Energie im Sinne der Kontinuit\u00e4t und der dauerhaften Sicherung unserer Gesch\u00e4ftst\u00e4tigkeiten sowohl in Frankreich als auch im internationalen Bereich in den Dienst unserer Kunden und unserer Mitarbeiter zu stellen\u201d.<\/em><\/p>\n\n<p>Diese Ernennung stellt einen wichtigen Schritt in der Geschichte von Fr\u00e9n\u00e9hard &amp; Michaux dar, wo man davon \u00fcberzeugt ist, dass seine F\u00fchrungsst\u00e4rke und seine Erfahrung das zuk\u00fcnftige Wachstum ma\u00dfgeblich beeinflussen werden.<\/p>\n","protected":false},"excerpt":{"rendered":"<p>Die Fr\u00e9n\u00e9hard &amp; Michaux Gruppe, Marktf\u00fchrer beim Schutz von Arbeiten in der H\u00f6he, bei der Befestigung von Bedachungen und Regenrinnen, ist stolz darauf, die Ernennung von Thierry Dufour zum Generaldirektor der Unternehmensgruppe bekanntgeben zu d\u00fcrfen. Diese Ernennung tritt ab dem 7. September 2023 in Kraft. Nachdem er sein Ingenieurstudium abgeschlossen und durch ein MBA in [&hellip;]<\/p>\n","protected":false},"author":8,"featured_media":0,"parent":0,"menu_order":0,"comment_status":"closed","ping_status":"closed","template":"","meta":{"_acf_changed":false,"ep_exclude_from_search":false,"footnotes":""},"class_list":["post-111031","page","type-page","status-publish","hentry"],"acf":[],"yoast_head":"<!-- This site is optimized with the Yoast SEO plugin v27.4 - https:\/\/yoast.com\/product\/yoast-seo-wordpress\/ -->\n<title>Thierry DUFOUR kommt als Generaldirektor zur Fr\u00e9n\u00e9hard &amp; Michaux Gruppe - Tubesca Comabi<\/title>\n<meta name=\"robots\" content=\"noindex, follow, max-snippet:-1, max-image-preview:large, max-video-preview:-1\" \/>\n<meta property=\"og:locale\" content=\"de_DE\" \/>\n<meta property=\"og:type\" content=\"article\" \/>\n<meta property=\"og:title\" content=\"Thierry DUFOUR kommt als Generaldirektor zur Fr\u00e9n\u00e9hard &amp; Michaux Gruppe - Tubesca Comabi\" \/>\n<meta property=\"og:description\" content=\"Die Fr\u00e9n\u00e9hard &amp; Michaux Gruppe, Marktf\u00fchrer beim Schutz von Arbeiten in der H\u00f6he, bei der Befestigung von Bedachungen und Regenrinnen, ist stolz darauf, die Ernennung von Thierry Dufour zum Generaldirektor der Unternehmensgruppe bekanntgeben zu d\u00fcrfen. Diese Ernennung tritt ab dem 7. September 2023 in Kraft. Nachdem er sein Ingenieurstudium abgeschlossen und durch ein MBA in [&hellip;]\" \/>\n<meta property=\"og:url\" content=\"https:\/\/prod.tubesca-comabi.com\/de\/thierry-dufour-kommt-als-generaldirektor-zur-frenehard-michaux-gruppe\/\" \/>\n<meta property=\"og:site_name\" content=\"Tubesca Comabi\" \/>\n<meta property=\"article:publisher\" content=\"https:\/\/www.facebook.com\/tubescacomabi\/\" \/>\n<meta property=\"article:modified_time\" content=\"2023-10-03T12:04:18+00:00\" \/>\n<meta property=\"og:image\" content=\"http:\/\/prod.tubesca-comabi.com\/wp-content\/uploads\/sites\/3\/2023\/09\/1693400926248.jpg\" \/>\n<meta name=\"twitter:card\" content=\"summary_large_image\" \/>\n<meta name=\"twitter:site\" content=\"@tubesca_comabi\" \/>\n<meta name=\"twitter:label1\" content=\"Gesch\u00e4tzte Lesezeit\" \/>\n\t<meta name=\"twitter:data1\" content=\"2\u00a0Minuten\" \/>\n<script type=\"application\/ld+json\" class=\"yoast-schema-graph\">{\"@context\":\"https:\\\/\\\/schema.org\",\"@graph\":[{\"@type\":\"WebPage\",\"@id\":\"https:\\\/\\\/prod.tubesca-comabi.com\\\/de\\\/thierry-dufour-kommt-als-generaldirektor-zur-frenehard-michaux-gruppe\\\/\",\"url\":\"https:\\\/\\\/prod.tubesca-comabi.com\\\/de\\\/thierry-dufour-kommt-als-generaldirektor-zur-frenehard-michaux-gruppe\\\/\",\"name\":\"Thierry DUFOUR kommt als Generaldirektor zur Fr\u00e9n\u00e9hard &amp; Michaux Gruppe - Tubesca Comabi\",\"isPartOf\":{\"@id\":\"https:\\\/\\\/prod.tubesca-comabi.com\\\/de\\\/#website\"},\"primaryImageOfPage\":{\"@id\":\"https:\\\/\\\/prod.tubesca-comabi.com\\\/de\\\/thierry-dufour-kommt-als-generaldirektor-zur-frenehard-michaux-gruppe\\\/#primaryimage\"},\"image\":{\"@id\":\"https:\\\/\\\/prod.tubesca-comabi.com\\\/de\\\/thierry-dufour-kommt-als-generaldirektor-zur-frenehard-michaux-gruppe\\\/#primaryimage\"},\"thumbnailUrl\":\"http:\\\/\\\/prod.tubesca-comabi.com\\\/wp-content\\\/uploads\\\/sites\\\/3\\\/2023\\\/09\\\/1693400926248.jpg\",\"datePublished\":\"2023-09-29T13:48:06+00:00\",\"dateModified\":\"2023-10-03T12:04:18+00:00\",\"breadcrumb\":{\"@id\":\"https:\\\/\\\/prod.tubesca-comabi.com\\\/de\\\/thierry-dufour-kommt-als-generaldirektor-zur-frenehard-michaux-gruppe\\\/#breadcrumb\"},\"inLanguage\":\"de\",\"potentialAction\":[{\"@type\":\"ReadAction\",\"target\":[\"https:\\\/\\\/prod.tubesca-comabi.com\\\/de\\\/thierry-dufour-kommt-als-generaldirektor-zur-frenehard-michaux-gruppe\\\/\"]}]},{\"@type\":\"ImageObject\",\"inLanguage\":\"de\",\"@id\":\"https:\\\/\\\/prod.tubesca-comabi.com\\\/de\\\/thierry-dufour-kommt-als-generaldirektor-zur-frenehard-michaux-gruppe\\\/#primaryimage\",\"url\":\"http:\\\/\\\/prod.tubesca-comabi.com\\\/wp-content\\\/uploads\\\/sites\\\/3\\\/2023\\\/09\\\/1693400926248.jpg\",\"contentUrl\":\"http:\\\/\\\/prod.tubesca-comabi.com\\\/wp-content\\\/uploads\\\/sites\\\/3\\\/2023\\\/09\\\/1693400926248.jpg\"},{\"@type\":\"BreadcrumbList\",\"@id\":\"https:\\\/\\\/prod.tubesca-comabi.com\\\/de\\\/thierry-dufour-kommt-als-generaldirektor-zur-frenehard-michaux-gruppe\\\/#breadcrumb\",\"itemListElement\":[{\"@type\":\"ListItem\",\"position\":1,\"name\":\"Tubesca-Comabi\",\"item\":\"https:\\\/\\\/prod.tubesca-comabi.com\\\/de\\\/\"},{\"@type\":\"ListItem\",\"position\":2,\"name\":\"Thierry DUFOUR kommt als Generaldirektor zur Fr\u00e9n\u00e9hard &amp; Michaux Gruppe\"}]},{\"@type\":\"WebSite\",\"@id\":\"https:\\\/\\\/prod.tubesca-comabi.com\\\/de\\\/#website\",\"url\":\"https:\\\/\\\/prod.tubesca-comabi.com\\\/de\\\/\",\"name\":\"Tubesca Comabi\",\"description\":\"Une entreprise du groupe Fr\u00e9n\u00e9hard &amp; Michaux\",\"publisher\":{\"@id\":\"https:\\\/\\\/prod.tubesca-comabi.com\\\/de\\\/#organization\"},\"potentialAction\":[{\"@type\":\"SearchAction\",\"target\":{\"@type\":\"EntryPoint\",\"urlTemplate\":\"https:\\\/\\\/prod.tubesca-comabi.com\\\/de\\\/?s={search_term_string}\"},\"query-input\":{\"@type\":\"PropertyValueSpecification\",\"valueRequired\":true,\"valueName\":\"search_term_string\"}}],\"inLanguage\":\"de\"},{\"@type\":\"Organization\",\"@id\":\"https:\\\/\\\/prod.tubesca-comabi.com\\\/de\\\/#organization\",\"name\":\"Tubesca Comabi\",\"url\":\"https:\\\/\\\/prod.tubesca-comabi.com\\\/de\\\/\",\"logo\":{\"@type\":\"ImageObject\",\"inLanguage\":\"de\",\"@id\":\"https:\\\/\\\/prod.tubesca-comabi.com\\\/de\\\/#\\\/schema\\\/logo\\\/image\\\/\",\"url\":\"https:\\\/\\\/prod.tubesca-comabi.com\\\/wp-content\\\/uploads\\\/sites\\\/3\\\/2022\\\/12\\\/tubesca-comabi_logo_0.png\",\"contentUrl\":\"https:\\\/\\\/prod.tubesca-comabi.com\\\/wp-content\\\/uploads\\\/sites\\\/3\\\/2022\\\/12\\\/tubesca-comabi_logo_0.png\",\"width\":426,\"height\":54,\"caption\":\"Tubesca Comabi\"},\"image\":{\"@id\":\"https:\\\/\\\/prod.tubesca-comabi.com\\\/de\\\/#\\\/schema\\\/logo\\\/image\\\/\"},\"sameAs\":[\"https:\\\/\\\/www.facebook.com\\\/tubescacomabi\\\/\",\"https:\\\/\\\/x.com\\\/tubesca_comabi\",\"https:\\\/\\\/www.youtube.com\\\/channel\\\/UCiiudWOV9mAvU9c7VkV4kmA\",\"https:\\\/\\\/www.linkedin.com\\\/company\\\/tubesca-comabi\",\"https:\\\/\\\/www.instagram.com\\\/tubesca.comabi\\\/\"]}]}<\/script>\n<!-- \/ Yoast SEO plugin. -->","yoast_head_json":{"title":"Thierry DUFOUR kommt als Generaldirektor zur Fr\u00e9n\u00e9hard &amp; Michaux Gruppe - Tubesca Comabi","robots":{"index":"noindex","follow":"follow","max-snippet":"max-snippet:-1","max-image-preview":"max-image-preview:large","max-video-preview":"max-video-preview:-1"},"og_locale":"de_DE","og_type":"article","og_title":"Thierry DUFOUR kommt als Generaldirektor zur Fr\u00e9n\u00e9hard &amp; Michaux Gruppe - Tubesca Comabi","og_description":"Die Fr\u00e9n\u00e9hard &amp; Michaux Gruppe, Marktf\u00fchrer beim Schutz von Arbeiten in der H\u00f6he, bei der Befestigung von Bedachungen und Regenrinnen, ist stolz darauf, die Ernennung von Thierry Dufour zum Generaldirektor der Unternehmensgruppe bekanntgeben zu d\u00fcrfen. Diese Ernennung tritt ab dem 7. September 2023 in Kraft. Nachdem er sein Ingenieurstudium abgeschlossen und durch ein MBA in [&hellip;]","og_url":"https:\/\/prod.tubesca-comabi.com\/de\/thierry-dufour-kommt-als-generaldirektor-zur-frenehard-michaux-gruppe\/","og_site_name":"Tubesca Comabi","article_publisher":"https:\/\/www.facebook.com\/tubescacomabi\/","article_modified_time":"2023-10-03T12:04:18+00:00","og_image":[{"url":"http:\/\/prod.tubesca-comabi.com\/wp-content\/uploads\/sites\/3\/2023\/09\/1693400926248.jpg","type":"","width":"","height":""}],"twitter_card":"summary_large_image","twitter_site":"@tubesca_comabi","twitter_misc":{"Gesch\u00e4tzte Lesezeit":"2\u00a0Minuten"},"schema":{"@context":"https:\/\/schema.org","@graph":[{"@type":"WebPage","@id":"https:\/\/prod.tubesca-comabi.com\/de\/thierry-dufour-kommt-als-generaldirektor-zur-frenehard-michaux-gruppe\/","url":"https:\/\/prod.tubesca-comabi.com\/de\/thierry-dufour-kommt-als-generaldirektor-zur-frenehard-michaux-gruppe\/","name":"Thierry DUFOUR kommt als Generaldirektor zur Fr\u00e9n\u00e9hard &amp; Michaux Gruppe - Tubesca Comabi","isPartOf":{"@id":"https:\/\/prod.tubesca-comabi.com\/de\/#website"},"primaryImageOfPage":{"@id":"https:\/\/prod.tubesca-comabi.com\/de\/thierry-dufour-kommt-als-generaldirektor-zur-frenehard-michaux-gruppe\/#primaryimage"},"image":{"@id":"https:\/\/prod.tubesca-comabi.com\/de\/thierry-dufour-kommt-als-generaldirektor-zur-frenehard-michaux-gruppe\/#primaryimage"},"thumbnailUrl":"http:\/\/prod.tubesca-comabi.com\/wp-content\/uploads\/sites\/3\/2023\/09\/1693400926248.jpg","datePublished":"2023-09-29T13:48:06+00:00","dateModified":"2023-10-03T12:04:18+00:00","breadcrumb":{"@id":"https:\/\/prod.tubesca-comabi.com\/de\/thierry-dufour-kommt-als-generaldirektor-zur-frenehard-michaux-gruppe\/#breadcrumb"},"inLanguage":"de","potentialAction":[{"@type":"ReadAction","target":["https:\/\/prod.tubesca-comabi.com\/de\/thierry-dufour-kommt-als-generaldirektor-zur-frenehard-michaux-gruppe\/"]}]},{"@type":"ImageObject","inLanguage":"de","@id":"https:\/\/prod.tubesca-comabi.com\/de\/thierry-dufour-kommt-als-generaldirektor-zur-frenehard-michaux-gruppe\/#primaryimage","url":"http:\/\/prod.tubesca-comabi.com\/wp-content\/uploads\/sites\/3\/2023\/09\/1693400926248.jpg","contentUrl":"http:\/\/prod.tubesca-comabi.com\/wp-content\/uploads\/sites\/3\/2023\/09\/1693400926248.jpg"},{"@type":"BreadcrumbList","@id":"https:\/\/prod.tubesca-comabi.com\/de\/thierry-dufour-kommt-als-generaldirektor-zur-frenehard-michaux-gruppe\/#breadcrumb","itemListElement":[{"@type":"ListItem","position":1,"name":"Tubesca-Comabi","item":"https:\/\/prod.tubesca-comabi.com\/de\/"},{"@type":"ListItem","position":2,"name":"Thierry DUFOUR kommt als Generaldirektor zur Fr\u00e9n\u00e9hard &amp; Michaux Gruppe"}]},{"@type":"WebSite","@id":"https:\/\/prod.tubesca-comabi.com\/de\/#website","url":"https:\/\/prod.tubesca-comabi.com\/de\/","name":"Tubesca Comabi","description":"Une entreprise du groupe Fr\u00e9n\u00e9hard &amp; Michaux","publisher":{"@id":"https:\/\/prod.tubesca-comabi.com\/de\/#organization"},"potentialAction":[{"@type":"SearchAction","target":{"@type":"EntryPoint","urlTemplate":"https:\/\/prod.tubesca-comabi.com\/de\/?s={search_term_string}"},"query-input":{"@type":"PropertyValueSpecification","valueRequired":true,"valueName":"search_term_string"}}],"inLanguage":"de"},{"@type":"Organization","@id":"https:\/\/prod.tubesca-comabi.com\/de\/#organization","name":"Tubesca Comabi","url":"https:\/\/prod.tubesca-comabi.com\/de\/","logo":{"@type":"ImageObject","inLanguage":"de","@id":"https:\/\/prod.tubesca-comabi.com\/de\/#\/schema\/logo\/image\/","url":"https:\/\/prod.tubesca-comabi.com\/wp-content\/uploads\/sites\/3\/2022\/12\/tubesca-comabi_logo_0.png","contentUrl":"https:\/\/prod.tubesca-comabi.com\/wp-content\/uploads\/sites\/3\/2022\/12\/tubesca-comabi_logo_0.png","width":426,"height":54,"caption":"Tubesca Comabi"},"image":{"@id":"https:\/\/prod.tubesca-comabi.com\/de\/#\/schema\/logo\/image\/"},"sameAs":["https:\/\/www.facebook.com\/tubescacomabi\/","https:\/\/x.com\/tubesca_comabi","https:\/\/www.youtube.com\/channel\/UCiiudWOV9mAvU9c7VkV4kmA","https:\/\/www.linkedin.com\/company\/tubesca-comabi","https:\/\/www.instagram.com\/tubesca.comabi\/"]}]}},"_links":{"self":[{"href":"https:\/\/prod.tubesca-comabi.com\/de\/wp-json\/wp\/v2\/pages\/111031","targetHints":{"allow":["GET"]}}],"collection":[{"href":"https:\/\/prod.tubesca-comabi.com\/de\/wp-json\/wp\/v2\/pages"}],"about":[{"href":"https:\/\/prod.tubesca-comabi.com\/de\/wp-json\/wp\/v2\/types\/page"}],"author":[{"embeddable":true,"href":"https:\/\/prod.tubesca-comabi.com\/de\/wp-json\/wp\/v2\/users\/8"}],"replies":[{"embeddable":true,"href":"https:\/\/prod.tubesca-comabi.com\/de\/wp-json\/wp\/v2\/comments?post=111031"}],"version-history":[{"count":1,"href":"https:\/\/prod.tubesca-comabi.com\/de\/wp-json\/wp\/v2\/pages\/111031\/revisions"}],"predecessor-version":[{"id":111032,"href":"https:\/\/prod.tubesca-comabi.com\/de\/wp-json\/wp\/v2\/pages\/111031\/revisions\/111032"}],"wp:attachment":[{"href":"https:\/\/prod.tubesca-comabi.com\/de\/wp-json\/wp\/v2\/media?parent=111031"}],"curies":[{"name":"wp","href":"https:\/\/api.w.org\/{rel}","templated":true}]}}